{"id":114,"date":"2020-01-22T16:51:01","date_gmt":"2020-01-22T16:51:01","guid":{"rendered":"https:\/\/red.maniberia.net\/jordi-motors\/?page_id=114"},"modified":"2020-01-22T16:53:41","modified_gmt":"2020-01-22T16:53:41","slug":"aviso-legal","status":"publish","type":"page","link":"https:\/\/red.maniberia.net\/jordi-motors\/aviso-legal\/","title":{"rendered":"Aviso legal"},"content":{"rendered":"<p class=\"western\" lang=\"es-ES\" align=\"justify\">En cumplimiento de la Ley 34\/2002, de 11 de julio,de servicios de la sociedad de la informaci\u00f3n y de comercio electr\u00f3nico, JORDI MOTORS, S.C.L.V.leinforma que es titulardelsitioweb:\u00a0<i><a href=\"http:\/\/www.jordimotors.com\/\">www.jordimotors.com<\/a>\u00a0<\/i>de<i>\u00a0<\/i>acuerdo con la exigencia del art\u00edculo 10 de la mencionada Ley, JORDI MOTORS, S.C.L.V., notifica los siguientes datos: el titular de esta p\u00e1gina web es JORDI MOTORS, S.C.L.V. con NIF: F-96558713 y domicilio social en Avenida de la Valldigna, 71, 46760 de Tavernes de la Valldigna (Valencia). La direcci\u00f3n de correo electr\u00f3nico de contacto con la empresa es:\u00a0<a href=\"mailto:administracion@jordimotors.com\"><i>administracion@jordimotors.com.<\/i><\/a><\/p>\n<ol>\n<li>\n<p lang=\"es-ES\" align=\"left\"><span style=\"font-size: small;\"><span style=\"font-size: medium;\">USUARIO Y R\u00c9GIMEN DE<\/span><span style=\"font-size: medium;\">RESPONSABILIDADES<\/span><\/span><\/p>\n<\/li>\n<\/ol>\n<p class=\"western\" lang=\"es-ES\" align=\"justify\">La navegaci\u00f3n por,acceso y uso de los sitios web de JORDIMOTORS, S.C.L.V., otorga la condici\u00f3n de usuario, por la que se aceptan, al navegar por la p\u00e1gina de JORDI MOTORS, S.C.L.V., todas las condiciones de uso que se establecen aqu\u00ed sin perjudicar la aplicaci\u00f3n de la correspondiente normativa de obligado cumplimiento legal seg\u00fan el caso.<\/p>\n<p class=\"western\" lang=\"es-ES\" align=\"justify\">La p\u00e1gina web de JORDI MOTORS, S.C.L.V. proporciona gran diversidad de informaci\u00f3n, servicios y datos. El usuario asume su responsabilidad en el uso correcto de los sitios web. Esta responsabilidad se extender\u00e1 a: La veracidad y licitud de las informaciones aportadas por el usuario en los formularios emitidos a JORDI MOTORS, S.C.L.V., para acceder a determinados contenidos o servicios ofrecidos por la web.<\/p>\n<p class=\"western\" lang=\"es-ES\" align=\"justify\">El uso de la informaci\u00f3n, servicios y datos ofrecidos por JORDI MOTORS, S.C.L.V. contra las disposiciones de estas condiciones, la Ley, la moral, las buenas costumbres o el orden p\u00fablico o que, en otro caso, puedan suponer lesi\u00f3n de los derechos de terceros o del funcionamiento de los sitios web. A tal efecto, el Usuario se abstendr\u00e1 de utilizar cualquiera de los contenidos con fines o efectos il\u00edcitos, prohibidos en este texto, lesivos de los derechos e intereses de terceros, o que de cualquier forma puedan da\u00f1ar, inutilizar, sobrecargar, deteriorar o impedir la normal utilizaci\u00f3n de los contenidos, otros Usuarios o de cualquier usuario de Internet (hardware y software). Los usuarios responder\u00e1n de los da\u00f1os y perjuicios de toda naturaleza que la empresa propietaria de la web pueda sufrir, directa o indirectamente, como consecuencia del incumplimiento de cualquiera de las obligaciones derivadas del uso de la Web y de esta pol\u00edtica de privacidad.<\/p>\n<p class=\"western\" lang=\"es-ES\" align=\"justify\">En particular, y a t\u00edtulo meramente indicativo y no exhaustivo, el Usuario se compromete a no transmitir, difundir o poner a disposici\u00f3n de terceros informaciones, datos, contenidos, mensajes, gr\u00e1ficos, dibujos, archivos de sonido y\/o imagen, fotograf\u00edas dela web.<\/p>\n<ol start=\"2\">\n<li>\n<p lang=\"es-ES\" align=\"left\"><span style=\"font-size: small;\"><span style=\"font-size: medium;\">POL\u00cdTICA DE ENLACES Y EXENCIONES\u00a0<\/span><span style=\"font-size: medium;\">DE\u00a0<\/span><span style=\"font-size: medium;\">RESPONSABILIDAD<\/span><\/span><\/p>\n<\/li>\n<\/ol>\n<p class=\"western\" lang=\"es-ES\" align=\"justify\">JORDI MOTORS, S.C.L.V. no se hace responsable del contenido de las p\u00e1ginas web a las que pueda acceder el usuario a trav\u00e9s de los enlaces establecidos en sus sitios web y declara que en ning\u00fan caso examinar\u00e1 ni ejercitar\u00e1 ning\u00fan tipo de control sobre el contenido de otras p\u00e1ginas de la red.<\/p>\n<p class=\"western\" lang=\"es-ES\" align=\"justify\">Asimismo, tampoco garantiza la disponibilidad t\u00e9cnica, exactitud, veracidad, validez o legalidad de p\u00e1ginas ajenas a su propiedad a las que se pueda acceder a trav\u00e9s de los enlaces.<\/p>\n<p class=\"western\" lang=\"es-ES\" align=\"justify\">JORDI MOTORS, S.C.L.V. declara que ha adoptado todas las medidas necesarias para evitar cualquier da\u00f1o que pueda derivarse de la navegaci\u00f3n por sus p\u00e1ginas web. En consecuencia, JORDIMOTORS, S.C.L.V. no se hace responsable, en ning\u00fan caso, de los eventuales da\u00f1os que pueda sufrir el usuario a causa de la navegaci\u00f3n por Internet.<\/p>\n<p class=\"western\" lang=\"es-ES\" align=\"justify\">JORDI MOTORS, S.C.L.V. no se responsabiliza de los da\u00f1os o perjuicios de cualquier tipo producidos en el Usuario que traigan causa de fallos o desconexiones en las redes de telecomunicaciones que produzcan la suspensi\u00f3n, cancelaci\u00f3n, instalaci\u00f3n o interrupci\u00f3n del servicio de la web durante la prestaci\u00f3n del mismo o con car\u00e1cter previo.<\/p>\n<p class=\"western\" lang=\"es-ES\" align=\"justify\">El acceso a la web:\u00a0<i><a href=\"http:\/\/www.jordimotors.com\/\">www.jordimotors.com<\/a>no implica la obligaci\u00f3n por parte de la empresa de controlar la ausencia de virus o cualquier otro elemento inform\u00e1tico da\u00f1ino. Corresponde al Usuario, en todo caso, la disponibilidad de herramientas adecuadas para la detecci\u00f3n y desinfecci\u00f3n de programas inform\u00e1ticos da\u00f1inos.<\/i><\/p>\n<p class=\"western\" lang=\"es-ES\" align=\"justify\">JORDI MOTORS, S.C.L.V. no se responsabiliza de los da\u00f1os producidos en los equipos inform\u00e1ticos, documentos y\/o ficheros de los Usuarios o deterceros durante la prestaci\u00f3n del servicio en el Portal.<\/p>\n<ol start=\"3\">\n<li>\n<p lang=\"es-ES\" align=\"left\"><span style=\"font-size: small;\"><span style=\"font-size: medium;\">PUBLICIDAD<\/span><\/span><\/p>\n<\/li>\n<\/ol>\n<p class=\"western\" lang=\"es-ES\" align=\"justify\"><span style=\"font-size: small;\"><span style=\"font-size: medium;\">La web:\u00a0<\/span><span style=\"font-size: medium;\"><i><a href=\"http:\/\/www.jordimotors.com\/\">www.jordimotors.com<\/a>\u00a0no aloja contenidos publicitarios o patrocinados de terceros.<\/i><\/span><\/span><\/p>\n<ol start=\"4\">\n<li>\n<p lang=\"es-ES\" align=\"left\"><span style=\"font-size: small;\"><span style=\"font-size: medium;\">MODIFICACIONES<\/span><\/span><\/p>\n<\/li>\n<\/ol>\n<p class=\"western\" lang=\"es-ES\" align=\"justify\">JORDI MOTORS, S.C.L.V. se reserva el derecho a realizar las modificaciones que considere oportunas, sin aviso previo, en el contenido de sus sitios web, tanto en cuanto a los contenidos de los sitios web como por sus condiciones de uso o por las condiciones generales de contrataci\u00f3n.<\/p>\n<p class=\"western\" lang=\"es-ES\" align=\"justify\">Dichas modificaciones podr\u00e1n realizarse, a trav\u00e9s de sus sitios web, de cualquier forma admisible en derecho y ser\u00e1n de obligado cumplimiento durante el tiempo que est\u00e9n publicadas en la web y hasta que no sean modificadas por otras posteriores.<\/p>\n<ol start=\"5\">\n<li>\n<p lang=\"es-ES\" align=\"left\"><span style=\"font-size: small;\"><span style=\"font-size: medium;\">PROPIEDAD INTELECTUAL<\/span><\/span><\/p>\n<\/li>\n<\/ol>\n<p class=\"western\" lang=\"es-ES\" align=\"justify\">Los derechos de propiedad intelectual e industrial derivados de todos los textos, im\u00e1genes, as\u00ed como de los medios y formas de presentaci\u00f3n y montaje de sus p\u00e1ginas pertenecen, por s\u00ed mismos o como cesionaria, a JORDI MOTORS, S.C.L.V. Ser\u00e1n, por tanto, obras protegidas con propiedad intelectual por el ordenamiento jur\u00eddico espa\u00f1ol y se les podr\u00e1 aplicar tanto la normativa espa\u00f1ola y comunitaria en este campo, como los tratados internacionales relativos a la materia y suscritos por Espa\u00f1a.<\/p>\n<p class=\"western\" lang=\"es-ES\" align=\"justify\">Todos los derechos reservados. En cumplimiento de la Ley de la Propiedad Intelectual se proh\u00edbe expresamente la reproducci\u00f3n, distribuci\u00f3n, comunicaci\u00f3n p\u00fablica y utilizaci\u00f3n de la totalidad o parte de los contenidos de sus p\u00e1ginas web sin el consentimiento expl\u00edcito de JORDI MOTORS, S.C.L.V..<\/p>\n<p class=\"western\" lang=\"es-ES\" align=\"justify\">Asimismo, JORDI MOTORS, S.C.L.V. se reserva la facultad de presentar las acciones civiles o penales que considere oportunas por la utilizaci\u00f3n indebida de sus p\u00e1ginas web y contenidos o por el incumplimiento de estas condiciones.<\/p>\n<ol start=\"6\">\n<li>\n<p lang=\"es-ES\" align=\"left\"><span style=\"font-size: small;\"><span style=\"font-size: medium;\">ACCIONES LEGAL, LEGISLACI\u00d3N APLICABLE Y<\/span><span style=\"font-size: medium;\">JURISDICCI\u00d3N<\/span><\/span><\/p>\n<\/li>\n<\/ol>\n<p class=\"western\" lang=\"es-ES\" align=\"justify\">La relaci\u00f3n entre JORDI MOTORS, S.C.L.V. y el usuario se regir\u00e1 por la normativa espa\u00f1ola vigente y ser\u00e1n competentes para decidir sobre cualquier controversia que pueda surgir, entre JORDI MOTORS, S.C.L.V. y el usuario, los juzgados o tribunales de la localidad deValencia.<\/p>\n<p class=\"western\" lang=\"es-ES\" align=\"justify\"><span style=\"font-size: small;\"><span style=\"font-size: medium;\">Para m\u00e1s informaci\u00f3n:\u00a0<\/span><a href=\"mailto:administracion@jordimotors.com\"><span style=\"font-size: medium;\"><i>administracion@jordimotors.com.<\/i><\/span><\/a><\/span><\/p>\n<ol start=\"7\">\n<li>\n<p lang=\"es-ES\" align=\"left\"><span style=\"font-size: small;\"><span style=\"font-size: medium;\">POL\u00cdTICA DE PRIVACIDAD Y PROTECCI\u00d3N DE DATOS POL\u00cdTICA DE PRIVACIDAD<\/span><\/span><\/p>\n<\/li>\n<\/ol>\n<p class=\"western\" lang=\"es-ES\" align=\"justify\">(Actualizada el 25 de mayo de 2018)<\/p>\n<p class=\"western\" lang=\"es-ES\" align=\"justify\">En JORDIMOTORS, S.C.L.V. trabajamos para garantizar la privacidad en el tratamiento de tus datos personales. Hemos actualizado nuestra Pol\u00edtica de Privacidad para informar claramente de c\u00f3mo recopilamos, utilizamos y custodiamos los datos de las personas que contactan con nuestra Organizaci\u00f3n:<\/p>\n<ol>\n<ol>\n<li>\n<p lang=\"es-ES\" align=\"left\"><span style=\"font-size: small;\"><span style=\"font-size: medium;\">Responsable del\u00a0<\/span><span style=\"font-size: medium;\">tratamiento<\/span><\/span><\/p>\n<\/li>\n<\/ol>\n<\/ol>\n<p class=\"western\" lang=\"es-ES\" align=\"justify\">El interesado que facilite a JORDIMOTORS, S.C.L.V. datos de car\u00e1cter personal a trav\u00e9s de esta plataforma online o por otras v\u00edas (por ejemplo, redes sociales) queda informado de que el tratamiento de sus datos es realizado por:<\/p>\n<p class=\"western\" lang=\"es-ES\" align=\"justify\">JORDI MOTORS, S.C.L.V. con CIF F-96558713 y domicilio social en Avenida de la Valldigna, 71, 46760 de Tavernes de la Valldigna (Valencia)<\/p>\n<p class=\"western\" lang=\"es-ES\" align=\"justify\">Tel\u00e9fono: 962 82 15 84<\/p>\n<p class=\"western\" lang=\"es-ES\" align=\"justify\">Correo electr\u00f3nico:<a href=\"mailto:administracion@jordimotors.com\">administracion@jordimotors.com.<\/a><\/p>\n<p class=\"western\" lang=\"es-ES\" align=\"justify\">Asimismo, te informamos de que contamos con un Delegado de Protecci\u00f3n de Datos (DPD) que vela por el cumplimiento de la normativa de protecci\u00f3n de datos en JORDI MOTORS, S.C.L.V. Los datos de contacto de nuestro DPD son:<\/p>\n<p class=\"western\" lang=\"es-ES\">Consultor\u00eda de Territorio y Paisaje S.L.U.<\/p>\n<p class=\"western\" lang=\"es-ES\">Calle Juan Ram\u00f3n Jim\u00e9nez 28 pta 8 46006 Val\u00e8ncia<\/p>\n<p class=\"western\" lang=\"es-ES\">Tel\u00e9fono: 647 036 414<\/p>\n<p class=\"western\" lang=\"es-ES\">Correo electr\u00f3nico:<a href=\"mailto:info@coterpa.com\">info@coterpa.com.<\/a><\/p>\n<ol>\n<ol start=\"2\">\n<li>\n<p lang=\"es-ES\" align=\"left\"><span style=\"font-size: small;\"><span style=\"font-size: medium;\">Finalidades del tratamiento de datos<\/span><\/span><\/p>\n<\/li>\n<\/ol>\n<\/ol>\n<p class=\"western\" lang=\"es-ES\" align=\"justify\">Se informa al usuario que la comunicaci\u00f3n o facilitaci\u00f3n de cualquier dato de car\u00e1cter personal por cualquier v\u00eda y especialmente a trav\u00e9s de los formularios obrantes en la Web implica la prestaci\u00f3n de su consentimiento libre, inequ\u00edvoco, espec\u00edfico, informado y expreso para el tratamiento de sus datos personales por JORDI MOTORS,S.C.L.V. para las siguientes finalidades:<\/p>\n<ol>\n<li>\n<p lang=\"es-ES\" align=\"left\"><span style=\"font-size: small;\"><span style=\"font-size: medium;\">Verificar<\/span><span style=\"font-size: medium;\">la<\/span><span style=\"font-size: medium;\">identidad del<\/span><span style=\"font-size: medium;\">usuario.<\/span><\/span><\/p>\n<\/li>\n<li>\n<p lang=\"es-ES\" align=\"left\"><span style=\"font-size: small;\"><span style=\"font-size: medium;\">Atender\u00a0<\/span><span style=\"font-size: medium;\">y\u00a0<\/span><span style=\"font-size: medium;\">gestionar\u00a0<\/span><span style=\"font-size: medium;\">las\u00a0<\/span><span style=\"font-size: medium;\">comunicaciones\u00a0<\/span><span style=\"font-size: medium;\">y\/o\u00a0<\/span><span style=\"font-size: medium;\">solicitudes\u00a0<\/span><span style=\"font-size: medium;\">recibidas\u00a0<\/span><span style=\"font-size: medium;\">por\u00a0<\/span><span style=\"font-size: medium;\">cualquier\u00a0<\/span><span style=\"font-size: medium;\">v\u00eda de comunicaci\u00f3n y especialmente a trav\u00e9s del formulario de\u00a0<\/span><span style=\"font-size: medium;\">la\u00a0<\/span><span style=\"font-size: medium;\">Web.<\/span><\/span><\/p>\n<\/li>\n<li>\n<p lang=\"es-ES\" align=\"left\"><span style=\"font-size: small;\"><span style=\"font-size: medium;\">Mantener un historial de\u00a0<\/span><span style=\"font-size: medium;\">las\u00a0<\/span><span style=\"font-size: medium;\">relaciones comerciales entre el usuario y JORDI MOTORS,<\/span><span style=\"font-size: medium;\">S.C.L.V.<\/span><\/span><\/p>\n<\/li>\n<li>\n<p lang=\"es-ES\" align=\"justify\"><span style=\"font-size: small;\"><span style=\"font-size: medium;\">Optimizar\u00a0<\/span><span style=\"font-size: medium;\">la\u00a0<\/span><span style=\"font-size: medium;\">gesti\u00f3n comercial, administrativa y econ\u00f3mica de los usuarios de\u00a0<\/span><span style=\"font-size: medium;\">la\u00a0<\/span><span style=\"font-size: medium;\">Web.<\/span><\/span><\/p>\n<\/li>\n<li>\n<p lang=\"es-ES\" align=\"justify\"><span style=\"font-size: small;\"><span style=\"font-size: medium;\">Env\u00edo\u00a0<\/span><span style=\"font-size: medium;\">de\u00a0<\/span><span style=\"font-size: medium;\">publicidad\u00a0<\/span><span style=\"font-size: medium;\">e\u00a0<\/span><span style=\"font-size: medium;\">informaci\u00f3n\u00a0<\/span><span style=\"font-size: medium;\">de\u00a0<\/span><span style=\"font-size: medium;\">campa\u00f1as en\u00a0<\/span><span style=\"font-size: medium;\">curso\u00a0<\/span><span style=\"font-size: medium;\">para\u00a0<\/span><span style=\"font-size: medium;\">los\u00a0<\/span><span style=\"font-size: medium;\">usuarios\u00a0<\/span><span style=\"font-size: medium;\">que as\u00ed\u00a0<\/span><span style=\"font-size: medium;\">lo\u00a0<\/span><span style=\"font-size: medium;\">hayan autorizado en el formulario de\u00a0<\/span><span style=\"font-size: medium;\">la\u00a0<\/span><span style=\"font-size: medium;\">Web, pudiendo ser revocada tal autorizaci\u00f3n en cualquier momento por el\u00a0<\/span><span style=\"font-size: medium;\">usuario.<\/span><\/span><\/p>\n<\/li>\n<\/ol>\n<ol>\n<ol start=\"3\">\n<li>\n<p lang=\"es-ES\" align=\"left\"><span style=\"font-size: small;\"><span style=\"font-size: medium;\">Consentimiento del tratamiento de\u00a0<\/span><span style=\"font-size: medium;\">datos<\/span><\/span><\/p>\n<\/li>\n<\/ol>\n<\/ol>\n<p class=\"western\" lang=\"es-ES\" align=\"justify\">De conformidad con lo establecido en el Reglamento (UE) 2016\/679 General de Protecci\u00f3n de Datos del Parlamento Europeo y del Consejo del Parlamento Europeo y del Consejo de 27 de abril de 2016, JORDI MOTORS, S.C.L.V. informa a los usuarios de suWebquelosdatospersonalesrecabadosporlaempresamediantelosformulariossitos en sus p\u00e1ginas, ser\u00e1n introducidos en un fichero automatizado bajo la responsabilidad de JORDI MOTORS, S.C.L.V. con la finalidad de poder facilitar, agilizar y cumplir los compromisos establecidos entre ambas partes.<\/p>\n<p class=\"western\" lang=\"es-ES\" align=\"justify\">Mientras no nos comunique lo contrario, entenderemos que sus datos no han sido modificados, que usted se compromete a notificarnos cualquier variaci\u00f3n y que tenemos el consentimiento para utilizarlos a fin de poder fidelizar la relaci\u00f3n entre las partes.<\/p>\n<p class=\"western\" lang=\"es-ES\" align=\"justify\">De acuerdo con lo establecido en la Ley 34\/2002, de Servicios de la Sociedad de la Informaci\u00f3n y el Comercio Electr\u00f3nico en su art\u00edculo 21, pedimos su consentimiento para poder realizar comunicaciones publicitarias que consideremos puedan ser de su inter\u00e9s, por correo electr\u00f3nico o por cualquier otro medio de comunicaci\u00f3n electr\u00f3nica equivalente.<\/p>\n<p class=\"western\" lang=\"es-ES\" align=\"justify\">Insertarcheck Consiento que JORDI MOTORS, S.C.L.V. utilice mis datos para los fines establecidos en el apartado anterior.<\/p>\n<ol>\n<ol start=\"3\">\n<li>\n<p lang=\"es-ES\" align=\"left\"><span style=\"font-size: small;\"><span style=\"font-size: medium;\">Duraci\u00f3n del tratamiento de\u00a0<\/span><span style=\"font-size: medium;\">datos<\/span><\/span><\/p>\n<\/li>\n<\/ol>\n<\/ol>\n<ul>\n<li>\n<p lang=\"es-ES\" align=\"justify\"><span style=\"font-size: small;\"><span style=\"font-size: medium;\">Los datos para\u00a0<\/span><span style=\"font-size: medium;\">la\u00a0<\/span><span style=\"font-size: medium;\">gesti\u00f3n de\u00a0<\/span><span style=\"font-size: medium;\">la\u00a0<\/span><span style=\"font-size: medium;\">relaci\u00f3n con el cliente y\u00a0<\/span><span style=\"font-size: medium;\">la\u00a0<\/span><span style=\"font-size: medium;\">facturaci\u00f3n y cobro de los servicios ser\u00e1n conservados durante el tiempo exigido por\u00a0<\/span><span style=\"font-size: medium;\">la\u00a0<\/span><span style=\"font-size: medium;\">legislaci\u00f3n aplicable y hasta que prescriban las eventuales responsabilidades derivadas de\u00a0<\/span><span style=\"font-size: medium;\">la\u00a0<\/span><span style=\"font-size: medium;\">transacci\u00f3n.<\/span><\/span><\/p>\n<\/li>\n<li>\n<p lang=\"es-ES\" align=\"justify\"><span style=\"font-size: small;\"><span style=\"font-size: medium;\">Los datos para\u00a0<\/span><span style=\"font-size: medium;\">la\u00a0<\/span><span style=\"font-size: medium;\">gesti\u00f3n de consultas y solicitudes se conservar\u00e1n durante el tiempo necesario para dar respuesta a los mismos, con un plazo\u00a0<\/span><span style=\"font-size: medium;\">m\u00e1ximo\u00a0<\/span><span style=\"font-size: medium;\">de un\u00a0<\/span><span style=\"font-size: medium;\">a\u00f1o.<\/span><\/span><\/p>\n<\/li>\n<li>\n<p lang=\"es-ES\" align=\"justify\"><span style=\"font-size: small;\"><span style=\"font-size: medium;\">Los datos relativos a publicaciones de comentarios sobre nuestros productos\u00a0<\/span><span style=\"font-size: medium;\">se\u00a0<\/span><span style=\"font-size: medium;\">mantendr\u00e1n durante\u00a0<\/span><span style=\"font-size: medium;\">la\u00a0<\/span><span style=\"font-size: medium;\">vigencia y publicidad de los productos o servicios a los que\u00a0<\/span><span style=\"font-size: medium;\">hacen referencia, salvo que se exprese\u00a0<\/span><span style=\"font-size: medium;\">tu\u00a0<\/span><span style=\"font-size: medium;\">deseo de que\u00a0<\/span><span style=\"font-size: medium;\">sean\u00a0<\/span><span style=\"font-size: medium;\">eliminados en cualquier\u00a0<\/span><span style=\"font-size: medium;\">momento.<\/span><\/span><\/p>\n<\/li>\n<li>\n<p lang=\"es-ES\" align=\"justify\"><span style=\"font-size: small;\"><span style=\"font-size: medium;\">Los datos para el\u00a0<\/span><span style=\"font-size: medium;\">env\u00edo\u00a0<\/span><span style=\"font-size: medium;\">de comunicaciones comerciales y elaboraci\u00f3n de perfiles comerciales de nuestros productos o servicios ser\u00e1n conservados indefinidamente hasta que, en su caso, nos manifiestes\u00a0<\/span><span style=\"font-size: medium;\">tu\u00a0<\/span><span style=\"font-size: medium;\">voluntad de\u00a0<\/span><span style=\"font-size: medium;\">suprimirlos.<\/span><\/span><\/p>\n<\/li>\n<\/ul>\n<ol>\n<ol start=\"3\">\n<li>\n<p lang=\"es-ES\" align=\"left\"><span style=\"font-size: small;\"><span style=\"font-size: medium;\">Legitimaci\u00f3n para el tratamiento de\u00a0<\/span><span style=\"font-size: medium;\">datos<\/span><\/span><\/p>\n<\/li>\n<\/ol>\n<\/ol>\n<ul>\n<li>\n<p lang=\"es-ES\" align=\"justify\"><span style=\"font-size: small;\"><span style=\"font-size: medium;\">La<\/span><span style=\"font-size: medium;\">base<\/span><span style=\"font-size: medium;\">legal<\/span><span style=\"font-size: medium;\">para<\/span><span style=\"font-size: medium;\">el<\/span><span style=\"font-size: medium;\">tratamiento<\/span><span style=\"font-size: medium;\">de<\/span><span style=\"font-size: medium;\">tus<\/span><span style=\"font-size: medium;\">datos<\/span><span style=\"font-size: medium;\">de<\/span><span style=\"font-size: medium;\">las<\/span><span style=\"font-size: medium;\">finalidades<\/span><span style=\"font-size: medium;\">1<\/span><span style=\"font-size: medium;\">a<\/span><span style=\"font-size: medium;\">4<\/span><span style=\"font-size: medium;\">es<\/span><span style=\"font-size: medium;\">la<\/span><span style=\"font-size: medium;\">ejecuci\u00f3n de\u00a0<\/span><span style=\"font-size: medium;\">la\u00a0<\/span><span style=\"font-size: medium;\">prestaci\u00f3n del servicio\u00a0<\/span><span style=\"font-size: medium;\">correspondiente.<\/span><\/span><\/p>\n<\/li>\n<li>\n<p lang=\"es-ES\" align=\"justify\"><span style=\"font-size: small;\"><span style=\"font-size: medium;\">La oferta prospectiva de productos y servicios a clientes tiene como base\u00a0<\/span><span style=\"font-size: medium;\">la\u00a0<\/span><span style=\"font-size: medium;\">satisfacci\u00f3n del inter\u00e9s\u00a0<\/span><span style=\"font-size: medium;\">leg\u00edtimo\u00a0<\/span><span style=\"font-size: medium;\">empresarial consistente en poder ofrecer a nuestros clientes\u00a0<\/span><span style=\"font-size: medium;\">la\u00a0<\/span><span style=\"font-size: medium;\">contrataci\u00f3n de otros productos o servicios y conseguir as\u00ed su fidelizaci\u00f3n. Dicho inter\u00e9s\u00a0<\/span><span style=\"font-size: medium;\">leg\u00edtimo\u00a0<\/span><span style=\"font-size: medium;\">se reconoce por\u00a0<\/span><span style=\"font-size: medium;\">la\u00a0<\/span><span style=\"font-size: medium;\">normativa legal aplicable (Reglamento General de Protecci\u00f3n de Datos), que\u00a0<\/span><span style=\"font-size: medium;\">permite\u00a0<\/span><span style=\"font-size: medium;\">expresamente el tratamiento de datos personales sobre esa base legal con fines de mercadotecnia\u00a0<\/span><span style=\"font-size: medium;\">directa.<\/span><\/span><\/p>\n<\/li>\n<\/ul>\n<p class=\"western\" lang=\"es-ES\" align=\"justify\">No obstante, te recordamos que tienes derecho a oponerte a este tratamiento de tus datos, pudiendo hacerlo por cualquiera de los medios descritos en esta Pol\u00edtica.<\/p>\n<ul>\n<li>\n<p lang=\"es-ES\" align=\"justify\"><span style=\"font-size: small;\"><span style=\"font-size: medium;\">La base del env\u00edo de comunicaciones comerciales a usuarios\u00a0<\/span><span style=\"font-size: medium;\">no\u00a0<\/span><span style=\"font-size: medium;\">clientes es\u00a0<\/span><span style=\"font-size: medium;\">el\u00a0<\/span><span style=\"font-size: medium;\">consentimiento que se\u00a0<\/span><span style=\"font-size: medium;\">ha\u00a0<\/span><span style=\"font-size: medium;\">solicitado, pudiendo ser revocado en cualquier momento. La retirada de\u00a0<\/span><span style=\"font-size: medium;\">dicho\u00a0<\/span><span style=\"font-size: medium;\">consentimiento\u00a0<\/span><span style=\"font-size: medium;\">no\u00a0<\/span><span style=\"font-size: medium;\">afectar\u00e1\u00a0<\/span><span style=\"font-size: medium;\">en\u00a0<\/span><span style=\"font-size: medium;\">ning\u00fan caso a\u00a0<\/span><span style=\"font-size: medium;\">la\u00a0<\/span><span style=\"font-size: medium;\">ejecuci\u00f3n de\u00a0<\/span><span style=\"font-size: medium;\">la\u00a0<\/span><span style=\"font-size: medium;\">transacci\u00f3n, pero los tratamientos de datos con ese\u00a0<\/span><span style=\"font-size: medium;\">fin\u00a0<\/span><span style=\"font-size: medium;\">efectuados con anterioridad\u00a0<\/span><span style=\"font-size: medium;\">no\u00a0<\/span><span style=\"font-size: medium;\">perder\u00e1n su licitud por el hecho de que el consentimiento se haya\u00a0<\/span><span style=\"font-size: medium;\">revocado.<\/span><\/span><\/p>\n<\/li>\n<\/ul>\n<ol>\n<ol start=\"3\">\n<li>\n<p lang=\"es-ES\" align=\"left\"><span style=\"font-size: small;\"><span style=\"font-size: medium;\">Comunicaci\u00f3n de tus\u00a0<\/span><span style=\"font-size: medium;\">datos<\/span><\/span><\/p>\n<\/li>\n<\/ol>\n<\/ol>\n<p class=\"western\" lang=\"es-ES\" align=\"justify\">Los datos ser\u00e1n comunicados a las siguientes entidades:<\/p>\n<ul>\n<li>\n<p lang=\"es-ES\" align=\"justify\"><span style=\"font-size: small;\"><span style=\"font-size: medium;\">A las entidades financieras a trav\u00e9s de\u00a0<\/span><span style=\"font-size: medium;\">las\u00a0<\/span><span style=\"font-size: medium;\">que se articule\u00a0<\/span><span style=\"font-size: medium;\">la\u00a0<\/span><span style=\"font-size: medium;\">gesti\u00f3n de cobros y pagos.<\/span><\/span><\/p>\n<\/li>\n<li>\n<p lang=\"es-ES\" align=\"justify\"><span style=\"font-size: small;\"><span style=\"font-size: medium;\">A\u00a0<\/span><span style=\"font-size: medium;\">las\u00a0<\/span><span style=\"font-size: medium;\">Administraciones p\u00fablicas competentes, en los casos previstos en\u00a0<\/span><span style=\"font-size: medium;\">la\u00a0<\/span><span style=\"font-size: medium;\">Ley y para los fines en ella\u00a0<\/span><span style=\"font-size: medium;\">definidos.<\/span><\/span><\/p>\n<\/li>\n<li>\n<p lang=\"es-ES\" align=\"justify\"><span style=\"font-size: small;\"><span style=\"font-size: medium;\">Para el cumplimiento de los servicios ofrecidos, JORDI MOTORS, S.C.L.V.\u00a0<\/span><span style=\"font-size: medium;\">se\u00a0<\/span><span style=\"font-size: medium;\">encuentra obligada a facilitar determinados datos del usuario a otras empresas que colaboran con\u00a0<\/span><span style=\"font-size: medium;\">la\u00a0<\/span><span style=\"font-size: medium;\">prestaci\u00f3n del servicio (transportistas, entidades financieras, etc.). En cualquier caso, los datos que se facilitan a esas terceras personas son los estrictamente necesarios para\u00a0<\/span><span style=\"font-size: medium;\">la\u00a0<\/span><span style=\"font-size: medium;\">prestaci\u00f3n del servicio\u00a0<\/span><span style=\"font-size: medium;\">requerido.<\/span><\/span><\/p>\n<\/li>\n<\/ul>\n<ol>\n<ol start=\"3\">\n<li>\n<p lang=\"es-ES\" align=\"left\"><span style=\"font-size: small;\"><span style=\"font-size: medium;\">Tus\u00a0<\/span><span style=\"font-size: medium;\">derechos<\/span><\/span><\/p>\n<\/li>\n<\/ol>\n<\/ol>\n<p class=\"western\" lang=\"es-ES\">Toda persona que nos facilite sus datos tiene los siguientes derechos:<\/p>\n<ul>\n<li>\n<p lang=\"es-ES\" align=\"justify\"><span style=\"font-size: small;\"><span style=\"font-size: medium;\">Cualquier<\/span><span style=\"font-size: medium;\">persona<\/span><span style=\"font-size: medium;\">tienederecho<\/span><span style=\"font-size: medium;\">a<\/span><span style=\"font-size: medium;\">obtener<\/span><span style=\"font-size: medium;\">confirmaci\u00f3n<\/span><span style=\"font-size: medium;\">sobre<\/span><span style=\"font-size: medium;\">si<\/span><span style=\"font-size: medium;\">estamos<\/span><span style=\"font-size: medium;\">tratando datos personales que\u00a0<\/span><span style=\"font-size: medium;\">le\u00a0<\/span><span style=\"font-size: medium;\">conciernan. Las personas interesadas tienen derecho a acceder a sus datos personales, as\u00ed como a solicitar\u00a0<\/span><span style=\"font-size: medium;\">la\u00a0<\/span><span style=\"font-size: medium;\">rectificaci\u00f3n de los datos inexactos o, en su caso, solicitar su supresi\u00f3n cuando, entre otros motivos, los datos\u00a0<\/span><span style=\"font-size: medium;\">ya\u00a0<\/span><span style=\"font-size: medium;\">no\u00a0<\/span><span style=\"font-size: medium;\">sean necesarios para los fines para los que fueron\u00a0<\/span><span style=\"font-size: medium;\">recogidos.<\/span><\/span><\/p>\n<\/li>\n<li>\n<p lang=\"es-ES\" align=\"justify\"><span style=\"font-size: small;\"><span style=\"font-size: medium;\">En las condiciones previstas en el Reglamento General de Protecci\u00f3n de Datos, los interesados podr\u00e1n solicitar\u00a0<\/span><span style=\"font-size: medium;\">la\u00a0<\/span><span style=\"font-size: medium;\">limitaci\u00f3n del tratamiento de sus datos o su portabilidad, en cuyo caso \u00fanicamente los conservaremos para el ejercicio o\u00a0<\/span><span style=\"font-size: medium;\">la\u00a0<\/span><span style=\"font-size: medium;\">defensa de reclamaciones.<\/span><\/span><\/p>\n<\/li>\n<li>\n<p lang=\"es-ES\" align=\"justify\"><span style=\"font-size: small;\"><span style=\"font-size: medium;\">En determinadas circunstancias y por motivos relacionados con su situaci\u00f3n particular,<\/span><span style=\"font-size: medium;\">los<\/span><span style=\"font-size: medium;\">interesados<\/span><span style=\"font-size: medium;\">podr\u00e1n<\/span><span style=\"font-size: medium;\">oponerse<\/span><span style=\"font-size: medium;\">al<\/span><span style=\"font-size: medium;\">tratamiento<\/span><span style=\"font-size: medium;\">de<\/span><span style=\"font-size: medium;\">sus<\/span><span style=\"font-size: medium;\">datos.Si<\/span><span style=\"font-size: medium;\">has<\/span><span style=\"font-size: medium;\">otorgado el consentimiento para\u00a0<\/span><span style=\"font-size: medium;\">alguna\u00a0<\/span><span style=\"font-size: medium;\">finalidad espec\u00edfica, tienes derecho a retirarlo en cualquier momento,\u00a0<\/span><span style=\"font-size: medium;\">sin\u00a0<\/span><span style=\"font-size: medium;\">que ello afecte a\u00a0<\/span><span style=\"font-size: medium;\">la\u00a0<\/span><span style=\"font-size: medium;\">licitud del tratamiento basado en el consentimiento previo a su retirada. En estos supuestos dejaremos de tratar los datos o, en su caso, dejaremos de hacerlo para esa finalidad en concreto, salvo por motivos leg\u00edtimos imperiosos o el ejercicio o\u00a0<\/span><span style=\"font-size: medium;\">la\u00a0<\/span><span style=\"font-size: medium;\">defensa de posibles\u00a0<\/span><span style=\"font-size: medium;\">reclamaciones.<\/span><\/span><\/p>\n<\/li>\n<li>\n<p lang=\"es-ES\" align=\"justify\"><span style=\"font-size: small;\"><span style=\"font-size: medium;\">Todos los derechos mencionados pueden ejercerse a trav\u00e9s de los medios de contacto que figuran en el apartado \u201cResponsable del tratamiento\u201d de esta Pol\u00edtica de Privacidad.<\/span><\/span><\/p>\n<\/li>\n<li>\n<p lang=\"es-ES\" align=\"justify\"><span style=\"font-size: small;\"><span style=\"font-size: medium;\">Frente a cualquier vulneraci\u00f3n de tus derechos, especialmente cuando\u00a0<\/span><span style=\"font-size: medium;\">no\u00a0<\/span><span style=\"font-size: medium;\">hayas obtenido satisfacci\u00f3n en su ejercicio, puedes presentar una reclamaci\u00f3n ante\u00a0<\/span><span style=\"font-size: medium;\">la\u00a0<\/span><span style=\"font-size: medium;\">Agencia Espa\u00f1ola de Protecci\u00f3n de Datos (datos de contacto accesibles en www.agpd.es) u otra autoridad de control competente. Tambi\u00e9n puedes obtener\u00a0<\/span><span style=\"font-size: medium;\">m\u00e1s\u00a0<\/span><span style=\"font-size: medium;\">informaci\u00f3n sobre los derechos que\u00a0<\/span><span style=\"font-size: medium;\">te\u00a0<\/span><span style=\"font-size: medium;\">asisten dirigi\u00e9ndote a dichos\u00a0<\/span><span style=\"font-size: medium;\">organismos.<\/span><\/span><\/p>\n<\/li>\n<\/ul>\n<p class=\"western\" lang=\"es-ES\">Los derechos pueden ejercitarse mediante comunicaci\u00f3n enviada junto con fotocopia del DNI a la direcci\u00f3n de correo electr\u00f3nico\u00a0<a href=\"mailto:felminstalaciones@felminstalaciones.es.com\"><span style=\"color: #0000ff;\"><u>administracion@jordimotors.com<\/u><\/span><\/a><\/p>\n<ol>\n<ol start=\"3\">\n<li>\n<p lang=\"es-ES\" align=\"left\"><span style=\"font-size: small;\"><span style=\"font-size: medium;\">Datos de<\/span><span style=\"font-size: medium;\">terceros<\/span><\/span><\/p>\n<\/li>\n<\/ol>\n<\/ol>\n<p class=\"western\" lang=\"es-ES\" align=\"justify\">Si facilitas datos de terceros, asumes la responsabilidad de informarles previamente de todo lo previsto en el art\u00edculo 14 del Reglamento General de Protecci\u00f3n de Datos en las condiciones establecidas en dicho precepto.<\/p>\n<p class=\"western\" lang=\"es-ES\" align=\"justify\">JORDIMOTORS, S.C.L.V. informa a los usuarios de que en ning\u00fan momento podr\u00e1 utilizar o usurpar la identidad de otra persona ni comunicar sus datos personales en el \u00e1mbito de las relaciones que mantenga con JORDI MOTORS, S.C.L.V. salvo concurrencia de representaci\u00f3n legalmente constituida, por lo que el usuario se obliga a facilitar exclusivamente datos personales correspondientes a su propia identidad, adecuados, pertinentes, exactos y verdaderos, siendo el usuario el \u00fanico responsable de las consecuencias del uso de datos personales ajenos a su persona o falsos frente a JORDI MOTORS, S.C.L.V., a la persona cuya identidad se ha suplantado y a cualquier tercero perjudicado.<\/p>\n<p class=\"western\" lang=\"es-ES\" align=\"justify\">Si el usuario es menor de edad o incapaz es necesario que cuente con el consentimiento de sus padres, tutores o representantes legales a los efectos de facilitar dato personal<\/p>\n<p class=\"western\" lang=\"es-ES\" align=\"justify\">alguno a JORDI MOTORS, S.C.L.V., no asumiendo responsabilidad alguna del uso que el menor o incapaz no autorizado pueda hacer de esta Web.<\/p>\n<p class=\"western\" lang=\"es-ES\" align=\"justify\">JORDI MOTORS, S.C.L.V. se reserva el derecho a modificar la presente pol\u00edtica para adaptarla a nuevos requerimientos legales o consuetudinarios, quedando tales modificaciones oportunamente registradas en la Web.<\/p>\n<ol start=\"8\">\n<li>\n<p lang=\"es-ES\" align=\"left\"><span style=\"font-size: small;\"><span style=\"font-size: medium;\">POL\u00cdTICA DE COOKIES<\/span><\/span><\/p>\n<\/li>\n<\/ol>\n<p class=\"western\" lang=\"es-ES\" align=\"justify\">Esta Web utiliza cookies. Las cookies son peque\u00f1os ficheros de datos que se generan en el ordenador del usuario y que nos permiten acceder a la siguiente informaci\u00f3n:<\/p>\n<ol start=\"8\">\n<ol>\n<li>\n<p lang=\"es-ES\" align=\"justify\"><span style=\"font-size: small;\"><span style=\"font-size: medium;\">La fecha y hora de acceso a\u00a0<\/span><span style=\"font-size: medium;\">la\u00a0<\/span><span style=\"font-size: medium;\">Web para conocer las horas de\u00a0<\/span><span style=\"font-size: medium;\">mayor\u00a0<\/span><span style=\"font-size: medium;\">afluencia y efectuar los ajustes necesarios para evitar saturaciones de\u00a0<\/span><span style=\"font-size: medium;\">la<\/span><span style=\"font-size: medium;\">Web.<\/span><\/span><\/p>\n<\/li>\n<li>\n<p lang=\"es-ES\" align=\"justify\"><span style=\"font-size: small;\"><span style=\"font-size: medium;\">El\u00a0<\/span><span style=\"font-size: medium;\">n\u00famero\u00a0<\/span><span style=\"font-size: medium;\">de\u00a0<\/span><span style=\"font-size: medium;\">usuarios que acceden\u00a0<\/span><span style=\"font-size: medium;\">diariamente\u00a0<\/span><span style=\"font-size: medium;\">a cada\u00a0<\/span><span style=\"font-size: medium;\">secci\u00f3n,\u00a0<\/span><span style=\"font-size: medium;\">para\u00a0<\/span><span style=\"font-size: medium;\">potenciar\u00a0<\/span><span style=\"font-size: medium;\">las preferidas y adaptar\u00a0<\/span><span style=\"font-size: medium;\">las\u00a0<\/span><span style=\"font-size: medium;\">que puedan ser objeto de mejoras en pro de\u00a0<\/span><span style=\"font-size: medium;\">la\u00a0<\/span><span style=\"font-size: medium;\">satisfacci\u00f3n\u00a0<\/span><span style=\"font-size: medium;\">del\u00a0<\/span><span style=\"font-size: medium;\">usuario.<\/span><\/span><\/p>\n<\/li>\n<li>\n<p lang=\"es-ES\" align=\"justify\"><span style=\"font-size: small;\"><span style=\"font-size: medium;\">La\u00a0<\/span><span style=\"font-size: medium;\">fecha\u00a0<\/span><span style=\"font-size: medium;\">y hora de\u00a0<\/span><span style=\"font-size: medium;\">la\u00a0<\/span><span style=\"font-size: medium;\">\u00faltima visita del usuario a\u00a0<\/span><span style=\"font-size: medium;\">la\u00a0<\/span><span style=\"font-size: medium;\">Web.<\/span><\/span><\/p>\n<\/li>\n<li>\n<p lang=\"es-ES\" align=\"justify\"><span style=\"font-size: small;\"><span style=\"font-size: medium;\">El dise\u00f1o de contenidos que el usuario\u00a0<\/span><span style=\"font-size: medium;\">eligi\u00f3\u00a0<\/span><span style=\"font-size: medium;\">en su primera visita a\u00a0<\/span><span style=\"font-size: medium;\">la\u00a0<\/span><span style=\"font-size: medium;\">Web.<\/span><\/span><\/p>\n<\/li>\n<li>\n<p lang=\"es-ES\" align=\"justify\"><span style=\"font-size: small;\"><span style=\"font-size: medium;\">Elementos de seguridad que intervienen en el control de acceso a\u00a0<\/span><span style=\"font-size: medium;\">las\u00a0<\/span><span style=\"font-size: medium;\">\u00e1reas restringidas.<\/span><\/span><\/p>\n<\/li>\n<\/ol>\n<\/ol>\n<p class=\"western\" lang=\"es-ES\" align=\"justify\">JORDIMOTORS,S.C.L.V.sereservaelderechodeutilizarcookiesenlanavegaci\u00f3ndelusuarioporsussitioswebparafacilitarlapersonalizaci\u00f3nycomodidaddelanavegaci\u00f3n. Siguiendo la pol\u00edtica de protecci\u00f3n de datos de la empresa, JORDI MOTORS, S.C.L.V. informaquelascookiesseasocianalusuarioan\u00f3nimoyasuordenadorynoproporcionan por s\u00ed mismas ni el nombre ni los apellidos del usuario.<\/p>\n<p class=\"western\" lang=\"es-ES\" align=\"justify\">El usuario tiene la posibilidad de configurar su navegador de manera que sea informado de la recepci\u00f3n de cookies, pudiendo, si as\u00ed lo desea, impedir que se instalen en su disco duro. Sin embargo, para acceder a los sitios web de JORDI MOTORS, S.C.L.V. no es preceptiva la instalaci\u00f3n de cookies.<\/p>\n<p class=\"western\" lang=\"es-ES\" align=\"justify\">El usuario se compromete a abstenerse de reproducir, copiar, distribuir, poner a disposici\u00f3n o de cualquier otra forma comunicar p\u00fablicamente, transformar o modificar los Contenidos, a menos que se cuente con la autorizaci\u00f3n del titular de los correspondientes derechos o ello resulte legalmente permitido.<\/p>\n<p class=\"western\" lang=\"es-ES\" align=\"center\"><span style=\"font-size: small;\"><span style=\"font-size: large;\"><i><b>POL\u00cdTICA DE CALIDAD Y AMBIENTAL<\/b><\/i><\/span><\/span><\/p>\n<p class=\"western\" lang=\"es-ES\">JORDI MOTORS desarrolla su actividad en los \u00e1mbitos de:<\/p>\n<p class=\"western\" lang=\"es-ES\" align=\"justify\"><span style=\"font-size: small;\"><span style=\"font-family: Verdana, serif;\"><span style=\"font-size: small;\">REPARACION Y MANTENIMIENTO DE VEHICULOS INDUSTRIALES. REVISION Y SUSTITUCION DE TACOGRAFOS ANAL\u00d3GICOS. REPARACI\u00d3N DE BOMBAS INYECTORAS Y LIMITADORES DE VELOCIDAD. REPARACIONES DE CHAPA Y TRABAJOS DE<\/span><\/span><span style=\"font-family: Verdana, serif;\"><span style=\"font-size: small;\">PINTURA.<\/span><\/span><\/span><\/p>\n<p class=\"western\" lang=\"es-ES\" align=\"justify\"><span style=\"font-size: small;\"><span style=\"font-family: Verdana, serif;\"><span style=\"font-size: small;\">CENTRO T\u00c9CNICO AUTORIZADO PARA LA INSTALACI\u00d3N, ACTIVACI\u00d3N, INSPECCI\u00d3N, VERIFICACI\u00d3N, CONTROL, PARAMETRIZACI\u00d3N Y REPARACI\u00d3N DE LA INSTALACI\u00d3N DE TAC\u00d3GRAFOS DIGITALES Y ANAL\u00d3GICOS: STONERIDGE, ACTIA Y CONTINENTAL<\/span><\/span><span style=\"font-family: Verdana, serif;\"><span style=\"font-size: small;\">VDO.<\/span><\/span><\/span><\/p>\n<p class=\"western\" lang=\"es-ES\">Los principios que rigen la gesti\u00f3n de la empresa son:<\/p>\n<ul>\n<li>\n<p lang=\"es-ES\" align=\"left\"><span style=\"font-size: small;\"><span style=\"font-size: small;\">La mejora contin\u00faa de sus procesos con el fin de satisfacer permanentemente los requerimientos de sus<\/span><span style=\"font-size: small;\">clientes.<\/span><\/span><\/p>\n<\/li>\n<\/ul>\n<ul>\n<li>\n<p lang=\"es-ES\" align=\"left\"><span style=\"font-size: small;\"><span style=\"font-size: small;\">Un comportamiento ambiental responsable con el entorno y la sociedad, asumiendo los riesgos inherentes a su actividad y<\/span><span style=\"font-size: small;\">gestion\u00e1ndolos.<\/span><\/span><\/p>\n<\/li>\n<\/ul>\n<p class=\"western\" lang=\"es-ES\">Los compromisos asumidos por toda su organizaci\u00f3n, coherentes con estos principios son los siguientes:<\/p>\n<ul>\n<li>\n<p lang=\"es-ES\" align=\"left\"><span style=\"font-size: small;\"><span style=\"color: #253521;\"><span style=\"font-size: small;\">Iimplementar, gestionar y mantener un Sistema de Gesti\u00f3n de la Calidad y Ambiental que garantice dicho<\/span><\/span><span style=\"color: #253521;\"><span style=\"font-size: small;\">cometido.<\/span><\/span><\/span><\/p>\n<\/li>\n<li>\n<p lang=\"es-ES\" align=\"left\"><span style=\"font-size: small;\"><span style=\"color: #253521;\"><span style=\"font-size: small;\">Cumplir con los requisitos establecidos en las Normas UNE-EN-ISO 9001:2015, UNE-EN-ISO 14001:2015 y UNE<\/span><\/span><span style=\"color: #253521;\"><span style=\"font-size: small;\">66102:2019<\/span><\/span><\/span><\/p>\n<\/li>\n<li>\n<p lang=\"es-ES\" align=\"justify\"><span style=\"font-size: small;\"><span style=\"color: #253521;\"><span style=\"font-size: small;\">Establecer objetivos y metas de calidad y ambientales que permitan conocer, controlar y mejorar nuestros procesos as\u00ed como prevenir y minimizar los riesgos ambientales propios de las actividades que<\/span><\/span><span style=\"color: #253521;\"><span style=\"font-size: small;\">desarrollamos.<\/span><\/span><\/span><\/p>\n<\/li>\n<li>\n<p lang=\"es-ES\" align=\"justify\"><span style=\"font-size: small;\"><span style=\"color: #253521;\"><span style=\"font-size: small;\">Reducir y optimizar el consumo de recursos naturales como aportaci\u00f3n a la preservaci\u00f3n del<\/span><\/span><span style=\"color: #253521;\"><span style=\"font-size: small;\">entorno.<\/span><\/span><\/span><\/p>\n<\/li>\n<li>\n<p lang=\"es-ES\" align=\"justify\"><span style=\"font-size: small;\"><span style=\"color: #253521;\"><span style=\"font-size: small;\">Cumplir con la legislaci\u00f3n, reglamentaci\u00f3n aplicable y requisitos suscritos por la organizaci\u00f3n.<\/span><\/span><\/span><\/p>\n<\/li>\n<li>\n<p lang=\"es-ES\" align=\"justify\"><span style=\"font-size: small;\"><span style=\"color: #253521;\"><span style=\"font-size: small;\">Actuar ante las incidencias significativas tanto de calidad como ambientales aplicando las acciones correctivas o preventivas que procedan para eliminarlas, verificando su<\/span><\/span><span style=\"color: #253521;\"><span style=\"font-size: small;\">eficacia.<\/span><\/span><\/span><\/p>\n<\/li>\n<li>\n<p lang=\"es-ES\" align=\"justify\"><span style=\"font-size: small;\"><span style=\"color: #253521;\"><span style=\"font-size: small;\">Propiciar la formaci\u00f3n, participaci\u00f3n y sensibilizaci\u00f3n de nuestro personal, incluyendo cuando sea factible a clientes, proveedores y otros colaboradores, en el conocimiento y respeto a estos<\/span><\/span><span style=\"color: #253521;\"><span style=\"font-size: small;\">principios.<\/span><\/span><\/span><\/p>\n<\/li>\n<li>\n<p lang=\"es-ES\" align=\"justify\"><span style=\"font-size: small;\"><span style=\"color: #253521;\"><span style=\"font-size: small;\">Colaborar con entidades p\u00fablicas, empresas de nuestro entorno y otros grupos interesados en actuaciones a favor de la protecci\u00f3n y conservaci\u00f3n del medio ambiente.<\/span><\/span><\/span><\/p>\n<\/li>\n<\/ul>\n<p class=\"western\" lang=\"es-ES\" align=\"justify\">La Direcci\u00f3n se compromete para que esta Pol\u00edtica de Calidad y Ambiental sea entendida, asumida y aplicada en toda su organizaci\u00f3n asignando los recursos necesarios para ello y a revisar peri\u00f3dicamente su contenido para adaptarlo a la naturaleza de las actividades desarrolladas presentes y futuras, y de sus impactos ambientales que puedan generarse.<\/p>\n<p class=\"western\" lang=\"es-ES\" align=\"justify\">Estos principios forman parte de la estrategia general de la empresa.<\/p>\n<p class=\"western\" lang=\"es-ES\">27 de Noviembre del 2019<\/p>\n<p class=\"western\" lang=\"es-ES\" align=\"left\"><span style=\"font-size: small;\"><span style=\"font-size: small;\"><i>JORDI MOTORS<\/i><\/span><\/span><\/p>\n","protected":false},"excerpt":{"rendered":"<p>En cumplimiento de la Ley 34\/2002, de 11 de julio,de servicios de la sociedad de la informaci\u00f3n y de comercio electr\u00f3nico, JORDI MOTORS, S.C.L.V.leinforma que es titulardelsitioweb:\u00a0www.jordimotors.com\u00a0de\u00a0acuerdo con la exigencia del art\u00edculo 10 de la mencionada Ley, JORDI MOTORS, S.C.L.V., notifica los siguientes datos: el titular de esta p\u00e1gina web es JORDI MOTORS, S.C.L.V. con&#8230;  <a class=\"excerpt-read-more\" href=\"https:\/\/red.maniberia.net\/jordi-motors\/aviso-legal\/\" title=\"Read: Aviso legal\">Read More<\/a><\/p>\n","protected":false},"author":1,"featured_media":0,"parent":0,"menu_order":0,"comment_status":"closed","ping_status":"closed","template":"","meta":[],"aioseo_notices":[],"_links":{"self":[{"href":"https:\/\/red.maniberia.net\/jordi-motors\/wp-json\/wp\/v2\/pages\/114"}],"collection":[{"href":"https:\/\/red.maniberia.net\/jordi-motors\/wp-json\/wp\/v2\/pages"}],"about":[{"href":"https:\/\/red.maniberia.net\/jordi-motors\/wp-json\/wp\/v2\/types\/page"}],"author":[{"embeddable":true,"href":"https:\/\/red.maniberia.net\/jordi-motors\/wp-json\/wp\/v2\/users\/1"}],"replies":[{"embeddable":true,"href":"https:\/\/red.maniberia.net\/jordi-motors\/wp-json\/wp\/v2\/comments?post=114"}],"version-history":[{"count":5,"href":"https:\/\/red.maniberia.net\/jordi-motors\/wp-json\/wp\/v2\/pages\/114\/revisions"}],"predecessor-version":[{"id":119,"href":"https:\/\/red.maniberia.net\/jordi-motors\/wp-json\/wp\/v2\/pages\/114\/revisions\/119"}],"wp:attachment":[{"href":"https:\/\/red.maniberia.net\/jordi-motors\/wp-json\/wp\/v2\/media?parent=114"}],"curies":[{"name":"wp","href":"https:\/\/api.w.org\/{rel}","templated":true}]}}